{"id":1666,"date":"2024-10-17T11:32:48","date_gmt":"2024-10-17T09:32:48","guid":{"rendered":"https:\/\/astratrasporti.ch\/chi-siamo\/"},"modified":"2025-01-13T11:56:59","modified_gmt":"2025-01-13T10:56:59","slug":"chi-siamo","status":"publish","type":"page","link":"https:\/\/astratrasporti.ch\/de\/chi-siamo\/","title":{"rendered":"Wer wir sind"},"content":{"rendered":"\t\t<div data-elementor-type=\"wp-page\" data-elementor-id=\"1666\" class=\"elementor elementor-1666 elementor-37\" data-elementor-settings=\"{&quot;ha_cmc_init_switcher&quot;:&quot;no&quot;}\" data-elementor-post-type=\"page\">\n\t\t\t\t<div class=\"elementor-element elementor-element-83223eb e-flex e-con-boxed e-con e-parent\" data-id=\"83223eb\" data-element_type=\"container\" data-e-type=\"container\" data-settings=\"{&quot;background_background&quot;:&quot;classic&quot;,&quot;sticky&quot;:&quot;top&quot;,&quot;_ha_eqh_enable&quot;:false,&quot;sticky_on&quot;:[&quot;desktop&quot;,&quot;tablet&quot;,&quot;mobile&quot;],&quot;sticky_offset&quot;:0,&quot;sticky_effects_offset&quot;:0,&quot;sticky_anchor_link_offset&quot;:0}\">\n\t\t\t\t\t<div class=\"e-con-inner\">\n\t\t\t\t\t<\/div>\n\t\t\t\t<\/div>\n\t\t<div class=\"elementor-element elementor-element-fcd80d8 e-con-full e-flex e-con e-parent\" data-id=\"fcd80d8\" data-element_type=\"container\" data-e-type=\"container\" data-settings=\"{&quot;background_background&quot;:&quot;classic&quot;,&quot;_ha_eqh_enable&quot;:false}\">\n\t\t<div class=\"elementor-element elementor-element-75f47a9 e-con-full e-flex e-con e-child\" data-id=\"75f47a9\" data-element_type=\"container\" data-e-type=\"container\" data-settings=\"{&quot;background_background&quot;:&quot;classic&quot;,&quot;background_motion_fx_motion_fx_scrolling&quot;:&quot;yes&quot;,&quot;background_motion_fx_translateY_effect&quot;:&quot;yes&quot;,&quot;background_motion_fx_translateY_direction&quot;:&quot;negative&quot;,&quot;background_motion_fx_translateY_speed&quot;:{&quot;unit&quot;:&quot;px&quot;,&quot;size&quot;:4.5,&quot;sizes&quot;:[]},&quot;background_motion_fx_devices&quot;:[&quot;desktop&quot;,&quot;tablet&quot;],&quot;background_motion_fx_translateY_affectedRange&quot;:{&quot;unit&quot;:&quot;%&quot;,&quot;size&quot;:&quot;&quot;,&quot;sizes&quot;:{&quot;start&quot;:0,&quot;end&quot;:100}},&quot;_ha_eqh_enable&quot;:false}\">\n\t\t<div class=\"elementor-element elementor-element-db95c87 e-con-full e-flex e-con e-child\" data-id=\"db95c87\" data-element_type=\"container\" data-e-type=\"container\" data-settings=\"{&quot;_ha_eqh_enable&quot;:false}\">\n\t\t\t\t<div class=\"elementor-element elementor-element-42c1d5a elementor-invisible elementor-widget elementor-widget-image\" data-id=\"42c1d5a\" data-element_type=\"widget\" data-e-type=\"widget\" data-settings=\"{&quot;_animation&quot;:&quot;fadeInDown&quot;}\" data-widget_type=\"image.default\">\n\t\t\t\t<div class=\"elementor-widget-container\">\n\t\t\t\t\t\t\t\t\t\t\t\t\t\t\t<img decoding=\"async\" width=\"100\" height=\"100\" src=\"https:\/\/astratrasporti.ch\/wp-content\/uploads\/2024\/10\/triangle-3.svg\" class=\"attachment-large size-large wp-image-1364\" alt=\"\" \/>\t\t\t\t\t\t\t\t\t\t\t\t\t\t\t<\/div>\n\t\t\t\t<\/div>\n\t\t<div class=\"elementor-element elementor-element-a7296a6 e-con-full e-flex e-con e-child\" data-id=\"a7296a6\" data-element_type=\"container\" data-e-type=\"container\" data-settings=\"{&quot;_ha_eqh_enable&quot;:false}\">\n\t\t\t\t<div class=\"elementor-element elementor-element-b84298c elementor-widget elementor-widget-heading\" data-id=\"b84298c\" data-element_type=\"widget\" data-e-type=\"widget\" data-widget_type=\"heading.default\">\n\t\t\t\t<div class=\"elementor-widget-container\">\n\t\t\t\t\t<h2 class=\"elementor-heading-title elementor-size-default\">Wer wir sind<\/h2>\t\t\t\t<\/div>\n\t\t\t\t<\/div>\n\t\t\t\t<div class=\"elementor-element elementor-element-b26ca40 elementor-invisible elementor-widget elementor-widget-button\" data-id=\"b26ca40\" data-element_type=\"widget\" data-e-type=\"widget\" data-settings=\"{&quot;_animation&quot;:&quot;fadeInUp&quot;}\" data-widget_type=\"button.default\">\n\t\t\t\t<div class=\"elementor-widget-container\">\n\t\t\t\t\t\t\t\t\t<div class=\"elementor-button-wrapper\">\n\t\t\t\t\t<a class=\"elementor-button elementor-button-link elementor-size-sm\" href=\"#chi-siamo\">\n\t\t\t\t\t\t<span class=\"elementor-button-content-wrapper\">\n\t\t\t\t\t\t<span class=\"elementor-button-icon\">\n\t\t\t\t<svg xmlns=\"http:\/\/www.w3.org\/2000\/svg\" xmlns:xlink=\"http:\/\/www.w3.org\/1999\/xlink\" xmlns:serif=\"http:\/\/www.serif.com\/\" width=\"100%\" height=\"100%\" viewBox=\"0 0 1582 1422\" xml:space=\"preserve\" style=\"fill-rule:evenodd;clip-rule:evenodd;stroke-linejoin:round;stroke-miterlimit:2;\">    <g transform=\"matrix(1,0,0,1,-449.434,-963.829)\">        <g transform=\"matrix(51.9408,0,0,51.9408,-1648.75,-1219.57)\">            <path d=\"M50.989,55.721L40.396,42.036L60.25,42.036L70.843,55.721L60.25,69.407L40.396,69.407L50.989,55.721Z\"><\/path>        <\/g>    <\/g><\/svg>\t\t\t<\/span>\n\t\t\t\t\t\t\t\t\t<span class=\"elementor-button-text\">Du entdeckst<\/span>\n\t\t\t\t\t<\/span>\n\t\t\t\t\t<\/a>\n\t\t\t\t<\/div>\n\t\t\t\t\t\t\t\t<\/div>\n\t\t\t\t<\/div>\n\t\t\t\t<\/div>\n\t\t\t\t<div class=\"elementor-element elementor-element-e67ecf9 elementor-invisible elementor-widget elementor-widget-image\" data-id=\"e67ecf9\" data-element_type=\"widget\" data-e-type=\"widget\" data-settings=\"{&quot;_animation&quot;:&quot;fadeInUp&quot;}\" data-widget_type=\"image.default\">\n\t\t\t\t<div class=\"elementor-widget-container\">\n\t\t\t\t\t\t\t\t\t\t\t\t\t\t\t<img decoding=\"async\" width=\"100\" height=\"100\" src=\"https:\/\/astratrasporti.ch\/wp-content\/uploads\/2024\/10\/triangle-2.svg\" class=\"attachment-large size-large wp-image-1361\" alt=\"\" \/>\t\t\t\t\t\t\t\t\t\t\t\t\t\t\t<\/div>\n\t\t\t\t<\/div>\n\t\t\t\t<\/div>\n\t\t<div class=\"elementor-element elementor-element-ab9356b e-con-full e-flex e-con e-child\" data-id=\"ab9356b\" data-element_type=\"container\" data-e-type=\"container\" data-settings=\"{&quot;_ha_eqh_enable&quot;:false}\">\n\t\t\t\t<div class=\"elementor-element elementor-element-e42d518 elementor-invisible elementor-widget elementor-widget-image\" data-id=\"e42d518\" data-element_type=\"widget\" data-e-type=\"widget\" data-settings=\"{&quot;_animation&quot;:&quot;fadeInDown&quot;}\" data-widget_type=\"image.default\">\n\t\t\t\t<div class=\"elementor-widget-container\">\n\t\t\t\t\t\t\t\t\t\t\t\t\t\t\t<img decoding=\"async\" width=\"100\" height=\"100\" src=\"https:\/\/astratrasporti.ch\/wp-content\/uploads\/2024\/10\/triangle-4.svg\" class=\"attachment-large size-large wp-image-1367\" alt=\"\" \/>\t\t\t\t\t\t\t\t\t\t\t\t\t\t\t<\/div>\n\t\t\t\t<\/div>\n\t\t\t\t<div class=\"elementor-element elementor-element-21c7bec elementor-hidden-mobile elementor-invisible elementor-widget elementor-widget-image\" data-id=\"21c7bec\" data-element_type=\"widget\" data-e-type=\"widget\" data-settings=\"{&quot;_animation&quot;:&quot;fadeInUp&quot;}\" data-widget_type=\"image.default\">\n\t\t\t\t<div class=\"elementor-widget-container\">\n\t\t\t\t\t\t\t\t\t\t\t\t\t\t\t<img loading=\"lazy\" decoding=\"async\" width=\"100\" height=\"100\" src=\"https:\/\/astratrasporti.ch\/wp-content\/uploads\/2024\/10\/triangle-1.svg\" class=\"attachment-large size-large wp-image-1358\" alt=\"\" \/>\t\t\t\t\t\t\t\t\t\t\t\t\t\t\t<\/div>\n\t\t\t\t<\/div>\n\t\t\t\t<\/div>\n\t\t<div class=\"elementor-element elementor-element-e2e3145 e-con-full e-flex e-con e-child\" data-id=\"e2e3145\" data-element_type=\"container\" data-e-type=\"container\" data-settings=\"{&quot;_ha_eqh_enable&quot;:false}\">\n\t\t\t\t<div class=\"elementor-element elementor-element-fe147e3 elementor-hidden-mobile elementor-invisible elementor-widget elementor-widget-image\" data-id=\"fe147e3\" data-element_type=\"widget\" data-e-type=\"widget\" data-settings=\"{&quot;_animation&quot;:&quot;fadeInDown&quot;}\" data-widget_type=\"image.default\">\n\t\t\t\t<div class=\"elementor-widget-container\">\n\t\t\t\t\t\t\t\t\t\t\t\t\t\t\t<img decoding=\"async\" width=\"100\" height=\"100\" src=\"https:\/\/astratrasporti.ch\/wp-content\/uploads\/2024\/10\/triangle-4.svg\" class=\"attachment-large size-large wp-image-1367\" alt=\"\" \/>\t\t\t\t\t\t\t\t\t\t\t\t\t\t\t<\/div>\n\t\t\t\t<\/div>\n\t\t\t\t<div class=\"elementor-element elementor-element-c23d0ac elementor-invisible elementor-widget elementor-widget-image\" data-id=\"c23d0ac\" data-element_type=\"widget\" data-e-type=\"widget\" data-settings=\"{&quot;_animation&quot;:&quot;fadeInUp&quot;}\" data-widget_type=\"image.default\">\n\t\t\t\t<div class=\"elementor-widget-container\">\n\t\t\t\t\t\t\t\t\t\t\t\t\t\t\t<img loading=\"lazy\" decoding=\"async\" width=\"100\" height=\"100\" src=\"https:\/\/astratrasporti.ch\/wp-content\/uploads\/2024\/10\/triangle-1.svg\" class=\"attachment-large size-large wp-image-1358\" alt=\"\" \/>\t\t\t\t\t\t\t\t\t\t\t\t\t\t\t<\/div>\n\t\t\t\t<\/div>\n\t\t\t\t<\/div>\n\t\t\t\t<\/div>\n\t\t\t\t<\/div>\n\t\t<div class=\"elementor-element elementor-element-126ea22 e-con-full e-flex e-con e-parent\" data-id=\"126ea22\" data-element_type=\"container\" data-e-type=\"container\" id=\"chi-siamo\" data-settings=\"{&quot;background_background&quot;:&quot;classic&quot;,&quot;_ha_eqh_enable&quot;:false}\">\n\t\t<div class=\"elementor-element elementor-element-e17c72d e-flex e-con-boxed e-con e-child\" data-id=\"e17c72d\" data-element_type=\"container\" data-e-type=\"container\" data-settings=\"{&quot;_ha_eqh_enable&quot;:false}\">\n\t\t\t\t\t<div class=\"e-con-inner\">\n\t\t<div class=\"elementor-element elementor-element-cd94fc7 e-con-full e-flex elementor-invisible e-con e-child\" data-id=\"cd94fc7\" data-element_type=\"container\" data-e-type=\"container\" data-settings=\"{&quot;animation&quot;:&quot;fadeInLeft&quot;,&quot;_ha_eqh_enable&quot;:false}\">\n\t\t\t\t<div class=\"elementor-element elementor-element-4f986ec elementor-widget__width-auto elementor-widget elementor-widget-heading\" data-id=\"4f986ec\" data-element_type=\"widget\" data-e-type=\"widget\" data-widget_type=\"heading.default\">\n\t\t\t\t<div class=\"elementor-widget-container\">\n\t\t\t\t\t<h2 class=\"elementor-heading-title elementor-size-default\">Astra Trasporti Internazionali SA<\/h2>\t\t\t\t<\/div>\n\t\t\t\t<\/div>\n\t\t<div class=\"elementor-element elementor-element-fd9196f e-con-full e-flex e-con e-child\" data-id=\"fd9196f\" data-element_type=\"container\" data-e-type=\"container\" data-settings=\"{&quot;_ha_eqh_enable&quot;:false}\">\n\t\t\t\t<div class=\"elementor-element elementor-element-aa35a03 elementor-widget elementor-widget-heading\" data-id=\"aa35a03\" data-element_type=\"widget\" data-e-type=\"widget\" data-widget_type=\"heading.default\">\n\t\t\t\t<div class=\"elementor-widget-container\">\n\t\t\t\t\t<h2 class=\"elementor-heading-title elementor-size-default\">\"Es gibt keine Entfernungen mehr, aber es braucht Stunden, um sie zu \u00fcberwinden\"<\/h2>\t\t\t\t<\/div>\n\t\t\t\t<\/div>\n\t\t\t\t<div class=\"elementor-element elementor-element-06cba0a elementor-widget elementor-widget-heading\" data-id=\"06cba0a\" data-element_type=\"widget\" data-e-type=\"widget\" data-widget_type=\"heading.default\">\n\t\t\t\t<div class=\"elementor-widget-container\">\n\t\t\t\t\t<h2 class=\"elementor-heading-title elementor-size-default\">Johan Anthierens<\/h2>\t\t\t\t<\/div>\n\t\t\t\t<\/div>\n\t\t\t\t<\/div>\n\t\t\t\t<div class=\"elementor-element elementor-element-0494e55 elementor-widget__width-initial elementor-widget elementor-widget-text-editor\" data-id=\"0494e55\" data-element_type=\"widget\" data-e-type=\"widget\" data-widget_type=\"text-editor.default\">\n\t\t\t\t<div class=\"elementor-widget-container\">\n\t\t\t\t\t\t\t\t\t<p>Stunden, die wir euch seit 1970, als unser Abenteuer begann, zur Verf\u00fcgung stellen.<\/p>\n<p>Die Entfernungen, die wir weiterhin zur\u00fccklegen und \u00fcberwinden.<\/p>\n<p>Diese Erfahrung und Hingabe erm\u00f6glichen es uns, Ihre Waren \u00fcberall hin zu transportieren.<\/p>\n\t\t\t\t\t\t\t\t<\/div>\n\t\t\t\t<\/div>\n\t\t\t\t<div class=\"elementor-element elementor-element-053a80f elementor-widget__width-inherit elementor-widget elementor-widget-text-editor\" data-id=\"053a80f\" data-element_type=\"widget\" data-e-type=\"widget\" data-widget_type=\"text-editor.default\">\n\t\t\t\t<div class=\"elementor-widget-container\">\n\t\t\t\t\t\t\t\t\t<p>Trotz der st\u00e4ndigen Herausforderungen, mit denen uns die logistische Realit\u00e4t zu \u00fcberraschen versucht, liegt uns der starke und tief verwurzelte Respekt vor den menschlichen Beziehungen am Herzen, die im Laufe der Zeit zwischen Kunden, Mitarbeitern und Lieferanten entstehen und geschmiedet werden.<\/p>\n<p>Von Sondertransporte bis hin zum FTL-Standard, \u00fcber Groupage, K\u00fchltransporte, Luft- und Seefracht und Express-Lieferungen sind wir in der Lage, \u00fcberall zu laden und zu liefern und sogar Lieferungen an Flughafenlager mit 24\/48-Stunden-Lieferung zu \u00fcbernehmen.<\/p>\n<p>Jeder von uns stellt euch seine Erfahrung und seinen Erfolgswillen zur Verf\u00fcgung, um eine immer neue und erneuerte logistische Realit\u00e4t mit Leben zu erf\u00fcllen, damit ihr sich auf Qualit\u00e4tsdienstleistungen verlassen k\u00f6nnen, die, wenn m\u00f6glich, noch mit der wirtschaftlichen Bequemlichkeit verbunden sind, die in einer zunehmend wettbewerbsorientierten Realit\u00e4t erforderlich ist.<\/p>\n\t\t\t\t\t\t\t\t<\/div>\n\t\t\t\t<\/div>\n\t\t\t\t<\/div>\n\t\t\t\t\t<\/div>\n\t\t\t\t<\/div>\n\t\t\t\t<\/div>\n\t\t<div class=\"elementor-element elementor-element-3cbe6e2 e-con-full e-flex e-con e-parent\" data-id=\"3cbe6e2\" data-element_type=\"container\" data-e-type=\"container\" data-settings=\"{&quot;background_background&quot;:&quot;classic&quot;,&quot;_ha_eqh_enable&quot;:false}\">\n\t\t<div class=\"elementor-element elementor-element-2d2182f e-con-full e-flex e-con e-child\" data-id=\"2d2182f\" data-element_type=\"container\" data-e-type=\"container\" data-settings=\"{&quot;background_background&quot;:&quot;classic&quot;,&quot;_ha_eqh_enable&quot;:false}\">\n\t\t\t\t<div class=\"elementor-element elementor-element-e466efe elementor-widget elementor-widget-image\" data-id=\"e466efe\" data-element_type=\"widget\" data-e-type=\"widget\" data-widget_type=\"image.default\">\n\t\t\t\t<div class=\"elementor-widget-container\">\n\t\t\t\t\t\t\t\t\t\t\t\t\t\t\t<img loading=\"lazy\" decoding=\"async\" width=\"1024\" height=\"127\" src=\"https:\/\/astratrasporti.ch\/wp-content\/uploads\/2024\/10\/shaper5-scaled-1-1024x127.webp\" class=\"attachment-large size-large wp-image-1247\" alt=\"\" srcset=\"https:\/\/astratrasporti.ch\/wp-content\/uploads\/2024\/10\/shaper5-scaled-1-1024x127.webp 1024w, https:\/\/astratrasporti.ch\/wp-content\/uploads\/2024\/10\/shaper5-scaled-1-300x37.webp 300w, https:\/\/astratrasporti.ch\/wp-content\/uploads\/2024\/10\/shaper5-scaled-1-768x96.webp 768w, https:\/\/astratrasporti.ch\/wp-content\/uploads\/2024\/10\/shaper5-scaled-1-1536x191.webp 1536w, https:\/\/astratrasporti.ch\/wp-content\/uploads\/2024\/10\/shaper5-scaled-1.webp 2000w\" sizes=\"(max-width: 1024px) 100vw, 1024px\" \/>\t\t\t\t\t\t\t\t\t\t\t\t\t\t\t<\/div>\n\t\t\t\t<\/div>\n\t\t\t\t<\/div>\n\t\t<div class=\"elementor-element elementor-element-9e1a3aa e-flex e-con-boxed e-con e-child\" data-id=\"9e1a3aa\" data-element_type=\"container\" data-e-type=\"container\" data-settings=\"{&quot;_ha_eqh_enable&quot;:false}\">\n\t\t\t\t\t<div class=\"e-con-inner\">\n\t\t<div class=\"elementor-element elementor-element-027a80f e-con-full e-flex elementor-invisible e-con e-child\" data-id=\"027a80f\" data-element_type=\"container\" data-e-type=\"container\" data-settings=\"{&quot;animation&quot;:&quot;fadeIn&quot;,&quot;_ha_eqh_enable&quot;:false}\">\n\t\t\t\t<div class=\"elementor-element elementor-element-9d2e3c6 elementor-widget elementor-widget-heading\" data-id=\"9d2e3c6\" data-element_type=\"widget\" data-e-type=\"widget\" data-widget_type=\"heading.default\">\n\t\t\t\t<div class=\"elementor-widget-container\">\n\t\t\t\t\t<h2 class=\"elementor-heading-title elementor-size-default\"><span style=\"color: #84E184;font-size: 50px;font-weight: 900;padding-right: 3px\">A<\/span>rt des internationalen Transports<\/h2>\t\t\t\t<\/div>\n\t\t\t\t<\/div>\n\t\t\t\t<div class=\"elementor-element elementor-element-16cf76b elementor-widget elementor-widget-heading\" data-id=\"16cf76b\" data-element_type=\"widget\" data-e-type=\"widget\" data-widget_type=\"heading.default\">\n\t\t\t\t<div class=\"elementor-widget-container\">\n\t\t\t\t\t<h2 class=\"elementor-heading-title elementor-size-default\"><span style=\"color: #84E184;font-size: 50px;font-weight: 900;padding-right: 3px\">S<\/span>pezialisten f\u00fcr jeden Auftrag<\/h2>\t\t\t\t<\/div>\n\t\t\t\t<\/div>\n\t\t\t\t<div class=\"elementor-element elementor-element-e38b870 elementor-widget elementor-widget-heading\" data-id=\"e38b870\" data-element_type=\"widget\" data-e-type=\"widget\" data-widget_type=\"heading.default\">\n\t\t\t\t<div class=\"elementor-widget-container\">\n\t\t\t\t\t<h2 class=\"elementor-heading-title elementor-size-default\"><span style=\"color: #84E184;font-size: 50px;font-weight: 900\">T<\/span>ransport und Logistik seit 1970<\/h2>\t\t\t\t<\/div>\n\t\t\t\t<\/div>\n\t\t\t\t<div class=\"elementor-element elementor-element-9a117c6 elementor-widget elementor-widget-heading\" data-id=\"9a117c6\" data-element_type=\"widget\" data-e-type=\"widget\" data-widget_type=\"heading.default\">\n\t\t\t\t<div class=\"elementor-widget-container\">\n\t\t\t\t\t<h2 class=\"elementor-heading-title elementor-size-default\"><span style=\"color: #84E184;font-size: 50px;font-weight: 900;padding-right: 3px\">R<\/span>espekt f\u00fcr ethische und professionelle Werte<\/h2>\t\t\t\t<\/div>\n\t\t\t\t<\/div>\n\t\t\t\t<div class=\"elementor-element elementor-element-0b77814 elementor-widget elementor-widget-heading\" data-id=\"0b77814\" data-element_type=\"widget\" data-e-type=\"widget\" data-widget_type=\"heading.default\">\n\t\t\t\t<div class=\"elementor-widget-container\">\n\t\t\t\t\t<h2 class=\"elementor-heading-title elementor-size-default\"><span style=\"color: #84E184;font-size: 50px;font-weight: 900;padding-right: 3px\">A<\/span>vantgardistische Logistikqualit\u00e4t<\/h2>\t\t\t\t<\/div>\n\t\t\t\t<\/div>\n\t\t\t\t<\/div>\n\t\t<div class=\"elementor-element elementor-element-7e0bb6d e-con-full elementor-hidden-mobile e-flex elementor-invisible e-con e-child\" data-id=\"7e0bb6d\" data-element_type=\"container\" data-e-type=\"container\" data-settings=\"{&quot;animation&quot;:&quot;fadeIn&quot;,&quot;_ha_eqh_enable&quot;:false}\">\n\t\t\t\t<div class=\"elementor-element elementor-element-0fe2c0a elementor-widget elementor-widget-image-carousel\" data-id=\"0fe2c0a\" data-element_type=\"widget\" data-e-type=\"widget\" data-settings=\"{&quot;slides_to_show&quot;:&quot;1&quot;,&quot;navigation&quot;:&quot;none&quot;,&quot;lazyload&quot;:&quot;yes&quot;,&quot;autoplay_speed&quot;:3000,&quot;effect&quot;:&quot;fade&quot;,&quot;speed&quot;:1000,&quot;autoplay&quot;:&quot;yes&quot;,&quot;infinite&quot;:&quot;yes&quot;}\" data-widget_type=\"image-carousel.default\">\n\t\t\t\t<div class=\"elementor-widget-container\">\n\t\t\t\t\t\t\t<div class=\"elementor-image-carousel-wrapper swiper\" role=\"region\" aria-roledescription=\"carousel\" aria-label=\"Bild Karussell\" dir=\"ltr\">\n\t\t\t<div class=\"elementor-image-carousel swiper-wrapper\" aria-live=\"off\">\n\t\t\t\t\t\t\t\t<div class=\"swiper-slide\" role=\"group\" aria-roledescription=\"slide\" aria-label=\"1 von 5\"><figure class=\"swiper-slide-inner\"><img class=\"swiper-slide-image swiper-lazy\" data-src=\"https:\/\/astratrasporti.ch\/wp-content\/uploads\/2024\/10\/ie-trasposrti-eccezionali.webp\" alt=\"ie-trasporti eccezionali\" \/><div class=\"swiper-lazy-preloader\"><\/div><\/figure><\/div><div class=\"swiper-slide\" role=\"group\" aria-roledescription=\"slide\" aria-label=\"2 von 5\"><figure class=\"swiper-slide-inner\"><img class=\"swiper-slide-image swiper-lazy\" data-src=\"https:\/\/astratrasporti.ch\/wp-content\/uploads\/2024\/10\/ie-completo-FTL.webp\" alt=\"ie-completo FTL\" \/><div class=\"swiper-lazy-preloader\"><\/div><\/figure><\/div><div class=\"swiper-slide\" role=\"group\" aria-roledescription=\"slide\" aria-label=\"3 von 5\"><figure class=\"swiper-slide-inner\"><img class=\"swiper-slide-image swiper-lazy\" data-src=\"https:\/\/astratrasporti.ch\/wp-content\/uploads\/2024\/10\/ie-espressi.webp\" alt=\"ie - espressi\" \/><div class=\"swiper-lazy-preloader\"><\/div><\/figure><\/div><div class=\"swiper-slide\" role=\"group\" aria-roledescription=\"slide\" aria-label=\"4 von 5\"><figure class=\"swiper-slide-inner\"><img class=\"swiper-slide-image swiper-lazy\" data-src=\"https:\/\/astratrasporti.ch\/wp-content\/uploads\/2024\/10\/ie-groupage.webp\" alt=\"ie - groupage\" \/><div class=\"swiper-lazy-preloader\"><\/div><\/figure><\/div><div class=\"swiper-slide\" role=\"group\" aria-roledescription=\"slide\" aria-label=\"5 von 5\"><figure class=\"swiper-slide-inner\"><img class=\"swiper-slide-image swiper-lazy\" data-src=\"https:\/\/astratrasporti.ch\/wp-content\/uploads\/2024\/10\/ie-traslochi.webp\" alt=\"ie - traslochi\" \/><div class=\"swiper-lazy-preloader\"><\/div><\/figure><\/div>\t\t\t<\/div>\n\t\t\t\t\t\t\t\n\t\t\t\t\t\t\t\t\t<\/div>\n\t\t\t\t\t\t<\/div>\n\t\t\t\t<\/div>\n\t\t\t\t<\/div>\n\t\t\t\t\t<\/div>\n\t\t\t\t<\/div>\n\t\t<div class=\"elementor-element elementor-element-86e21de e-con-full e-flex e-con e-child\" data-id=\"86e21de\" data-element_type=\"container\" data-e-type=\"container\" data-settings=\"{&quot;background_background&quot;:&quot;classic&quot;,&quot;_ha_eqh_enable&quot;:false}\">\n\t\t\t\t<div class=\"elementor-element elementor-element-fc0bb4e elementor-widget elementor-widget-image\" data-id=\"fc0bb4e\" data-element_type=\"widget\" data-e-type=\"widget\" data-widget_type=\"image.default\">\n\t\t\t\t<div class=\"elementor-widget-container\">\n\t\t\t\t\t\t\t\t\t\t\t\t\t\t\t<img loading=\"lazy\" decoding=\"async\" width=\"1024\" height=\"128\" src=\"https:\/\/astratrasporti.ch\/wp-content\/uploads\/2024\/10\/shaper4-1024x128.webp\" class=\"attachment-large size-large wp-image-1235\" alt=\"\" srcset=\"https:\/\/astratrasporti.ch\/wp-content\/uploads\/2024\/10\/shaper4-1024x128.webp 1024w, https:\/\/astratrasporti.ch\/wp-content\/uploads\/2024\/10\/shaper4-300x37.webp 300w, https:\/\/astratrasporti.ch\/wp-content\/uploads\/2024\/10\/shaper4-768x96.webp 768w, https:\/\/astratrasporti.ch\/wp-content\/uploads\/2024\/10\/shaper4-1536x191.webp 1536w, https:\/\/astratrasporti.ch\/wp-content\/uploads\/2024\/10\/shaper4-2048x255.webp 2048w\" sizes=\"(max-width: 1024px) 100vw, 1024px\" \/>\t\t\t\t\t\t\t\t\t\t\t\t\t\t\t<\/div>\n\t\t\t\t<\/div>\n\t\t\t\t<\/div>\n\t\t\t\t<\/div>\n\t\t<div class=\"elementor-element elementor-element-8916ccf e-flex e-con-boxed e-con e-parent\" data-id=\"8916ccf\" data-element_type=\"container\" data-e-type=\"container\" id=\"storia\" data-settings=\"{&quot;_ha_eqh_enable&quot;:false}\">\n\t\t\t\t\t<div class=\"e-con-inner\">\n\t\t<div class=\"elementor-element elementor-element-f4cf7dd e-con-full e-flex e-con e-child\" data-id=\"f4cf7dd\" data-element_type=\"container\" data-e-type=\"container\" data-settings=\"{&quot;background_background&quot;:&quot;classic&quot;,&quot;_ha_eqh_enable&quot;:false}\">\n\t\t<div class=\"elementor-element elementor-element-c152ef7 e-con-full e-flex e-con e-child\" data-id=\"c152ef7\" data-element_type=\"container\" data-e-type=\"container\" data-settings=\"{&quot;_ha_eqh_enable&quot;:false}\">\n\t\t\t\t<div class=\"elementor-element elementor-element-5ad05ad elementor-invisible elementor-widget elementor-widget-image\" data-id=\"5ad05ad\" data-element_type=\"widget\" data-e-type=\"widget\" data-settings=\"{&quot;_animation&quot;:&quot;fadeInRight&quot;}\" data-widget_type=\"image.default\">\n\t\t\t\t<div class=\"elementor-widget-container\">\n\t\t\t\t\t\t\t\t\t\t\t\t\t\t\t<img loading=\"lazy\" decoding=\"async\" width=\"1024\" height=\"683\" src=\"https:\/\/astratrasporti.ch\/wp-content\/uploads\/2024\/10\/young-man-working-warehouse-with-boxes-1024x683.webp\" class=\"attachment-large size-large wp-image-1220\" alt=\"\" srcset=\"https:\/\/astratrasporti.ch\/wp-content\/uploads\/2024\/10\/young-man-working-warehouse-with-boxes-1024x683.webp 1024w, https:\/\/astratrasporti.ch\/wp-content\/uploads\/2024\/10\/young-man-working-warehouse-with-boxes-300x200.webp 300w, https:\/\/astratrasporti.ch\/wp-content\/uploads\/2024\/10\/young-man-working-warehouse-with-boxes-768x512.webp 768w, https:\/\/astratrasporti.ch\/wp-content\/uploads\/2024\/10\/young-man-working-warehouse-with-boxes-1536x1024.webp 1536w, https:\/\/astratrasporti.ch\/wp-content\/uploads\/2024\/10\/young-man-working-warehouse-with-boxes-2048x1365.webp 2048w\" sizes=\"(max-width: 1024px) 100vw, 1024px\" \/>\t\t\t\t\t\t\t\t\t\t\t\t\t\t\t<\/div>\n\t\t\t\t<\/div>\n\t\t<div class=\"elementor-element elementor-element-03f51d3 e-con-full e-flex e-con e-child\" data-id=\"03f51d3\" data-element_type=\"container\" data-e-type=\"container\" data-settings=\"{&quot;_ha_eqh_enable&quot;:false}\">\n\t\t<div class=\"elementor-element elementor-element-5799a01 e-con-full e-flex e-con e-child\" data-id=\"5799a01\" data-element_type=\"container\" data-e-type=\"container\" data-settings=\"{&quot;background_background&quot;:&quot;classic&quot;,&quot;_ha_eqh_enable&quot;:false}\">\n\t\t\t\t<\/div>\n\t\t<div class=\"elementor-element elementor-element-05274ea e-con-full e-flex e-con e-child\" data-id=\"05274ea\" data-element_type=\"container\" data-e-type=\"container\" data-settings=\"{&quot;background_background&quot;:&quot;classic&quot;,&quot;_ha_eqh_enable&quot;:false}\">\n\t\t\t\t<div class=\"elementor-element elementor-element-1601c48 elementor-widget elementor-widget-counter\" data-id=\"1601c48\" data-element_type=\"widget\" data-e-type=\"widget\" data-widget_type=\"counter.default\">\n\t\t\t\t<div class=\"elementor-widget-container\">\n\t\t\t\t\t\t\t<div class=\"elementor-counter\">\n\t\t\t<div class=\"elementor-counter-title\"><span style=\"text-align: center\">Jahrelang<br>Erfahrung<\/span><\/div>\t\t\t<div class=\"elementor-counter-number-wrapper\">\n\t\t\t\t<span class=\"elementor-counter-number-prefix\"><\/span>\n\t\t\t\t<span class=\"elementor-counter-number\" data-duration=\"2000\" data-to-value=\"54\" data-from-value=\"0\" data-delimiter=\",\">0<\/span>\n\t\t\t\t<span class=\"elementor-counter-number-suffix\"><\/span>\n\t\t\t<\/div>\n\t\t<\/div>\n\t\t\t\t\t\t<\/div>\n\t\t\t\t<\/div>\n\t\t\t\t<\/div>\n\t\t\t\t<\/div>\n\t\t\t\t<\/div>\n\t\t\t\t<\/div>\n\t\t<div class=\"elementor-element elementor-element-422d0ea e-con-full e-flex elementor-invisible e-con e-child\" data-id=\"422d0ea\" data-element_type=\"container\" data-e-type=\"container\" data-settings=\"{&quot;animation&quot;:&quot;fadeInRight&quot;,&quot;_ha_eqh_enable&quot;:false}\">\n\t\t<div class=\"elementor-element elementor-element-214f04e e-con-full e-flex e-con e-child\" data-id=\"214f04e\" data-element_type=\"container\" data-e-type=\"container\" data-settings=\"{&quot;_ha_eqh_enable&quot;:false}\">\n\t\t\t\t<div class=\"elementor-element elementor-element-0ae90ed elementor-widget__width-auto elementor-widget elementor-widget-heading\" data-id=\"0ae90ed\" data-element_type=\"widget\" data-e-type=\"widget\" data-widget_type=\"heading.default\">\n\t\t\t\t<div class=\"elementor-widget-container\">\n\t\t\t\t\t<h2 class=\"elementor-heading-title elementor-size-default\">Astra Trasporti Internazionali SA<\/h2>\t\t\t\t<\/div>\n\t\t\t\t<\/div>\n\t\t<div class=\"elementor-element elementor-element-ccc955c e-con-full e-flex e-con e-child\" data-id=\"ccc955c\" data-element_type=\"container\" data-e-type=\"container\" data-settings=\"{&quot;_ha_eqh_enable&quot;:false}\">\n\t\t\t\t<div class=\"elementor-element elementor-element-db71223 elementor-widget elementor-widget-heading\" data-id=\"db71223\" data-element_type=\"widget\" data-e-type=\"widget\" data-widget_type=\"heading.default\">\n\t\t\t\t<div class=\"elementor-widget-container\">\n\t\t\t\t\t<h2 class=\"elementor-heading-title elementor-size-default\">Unsere Geschichte beginnt im Mai 1970<\/h2>\t\t\t\t<\/div>\n\t\t\t\t<\/div>\n\t\t\t\t<\/div>\n\t\t\t\t<div class=\"elementor-element elementor-element-f9fecfd elementor-widget__width-inherit elementor-widget elementor-widget-text-editor\" data-id=\"f9fecfd\" data-element_type=\"widget\" data-e-type=\"widget\" data-widget_type=\"text-editor.default\">\n\t\t\t\t<div class=\"elementor-widget-container\">\n\t\t\t\t\t\t\t\t\t<p>Unsere Reise in die Welt der Zollabfertigung nahm sofort ihren Lauf.<br \/>Nach einigen Jahren haben wir beschlossen, unsere Dienstleistungen zu erweitern und auch kleine Transporte zwischen Italien und der Schweiz zu organisieren.<\/p>\n<p>Seit 2010 passen wir uns den wirtschaftlichen und sozialen Ver\u00e4nderungen an und erg\u00e4nzen unser Angebot f\u00fcr unsere Kunden: Sondertransporte, Groupage &#8211; und Standardtransporte gehen Hand in Hand mit dem Zollservice, auf dem Astra gegr\u00fcndet wurde.<\/p>\n\t\t\t\t\t\t\t\t<\/div>\n\t\t\t\t<\/div>\n\t\t\t\t<\/div>\n\t\t\t\t<\/div>\n\t\t\t\t\t<\/div>\n\t\t\t\t<\/div>\n\t\t<div class=\"elementor-element elementor-element-ffd802c e-con-full e-flex e-con e-parent\" data-id=\"ffd802c\" data-element_type=\"container\" data-e-type=\"container\" data-settings=\"{&quot;background_background&quot;:&quot;classic&quot;,&quot;_ha_eqh_enable&quot;:false}\">\n\t\t<div class=\"elementor-element elementor-element-4b592f6 e-con-full e-flex e-con e-child\" data-id=\"4b592f6\" data-element_type=\"container\" data-e-type=\"container\" data-settings=\"{&quot;background_background&quot;:&quot;classic&quot;,&quot;_ha_eqh_enable&quot;:false}\">\n\t\t\t\t<div class=\"elementor-element elementor-element-5c4719d elementor-widget elementor-widget-image\" data-id=\"5c4719d\" data-element_type=\"widget\" data-e-type=\"widget\" data-widget_type=\"image.default\">\n\t\t\t\t<div class=\"elementor-widget-container\">\n\t\t\t\t\t\t\t\t\t\t\t\t\t\t\t<img loading=\"lazy\" decoding=\"async\" width=\"1024\" height=\"127\" src=\"https:\/\/astratrasporti.ch\/wp-content\/uploads\/2024\/10\/shaper5-scaled-1-1024x127.webp\" class=\"attachment-large size-large wp-image-1247\" alt=\"\" srcset=\"https:\/\/astratrasporti.ch\/wp-content\/uploads\/2024\/10\/shaper5-scaled-1-1024x127.webp 1024w, https:\/\/astratrasporti.ch\/wp-content\/uploads\/2024\/10\/shaper5-scaled-1-300x37.webp 300w, https:\/\/astratrasporti.ch\/wp-content\/uploads\/2024\/10\/shaper5-scaled-1-768x96.webp 768w, https:\/\/astratrasporti.ch\/wp-content\/uploads\/2024\/10\/shaper5-scaled-1-1536x191.webp 1536w, https:\/\/astratrasporti.ch\/wp-content\/uploads\/2024\/10\/shaper5-scaled-1.webp 2000w\" sizes=\"(max-width: 1024px) 100vw, 1024px\" \/>\t\t\t\t\t\t\t\t\t\t\t\t\t\t\t<\/div>\n\t\t\t\t<\/div>\n\t\t\t\t<\/div>\n\t\t<div class=\"elementor-element elementor-element-454d50a e-flex e-con-boxed e-con e-child\" data-id=\"454d50a\" data-element_type=\"container\" data-e-type=\"container\" data-settings=\"{&quot;_ha_eqh_enable&quot;:false}\">\n\t\t\t\t\t<div class=\"e-con-inner\">\n\t\t<div class=\"elementor-element elementor-element-19a3540 e-con-full e-flex elementor-invisible e-con e-child\" data-id=\"19a3540\" data-element_type=\"container\" data-e-type=\"container\" data-settings=\"{&quot;animation&quot;:&quot;fadeIn&quot;,&quot;_ha_eqh_enable&quot;:false}\">\n\t\t\t\t<div class=\"elementor-element elementor-element-d359091 elementor-widget__width-auto elementor-widget elementor-widget-heading\" data-id=\"d359091\" data-element_type=\"widget\" data-e-type=\"widget\" data-widget_type=\"heading.default\">\n\t\t\t\t<div class=\"elementor-widget-container\">\n\t\t\t\t\t<h2 class=\"elementor-heading-title elementor-size-default\">Kontaktieren Sie uns<\/h2>\t\t\t\t<\/div>\n\t\t\t\t<\/div>\n\t\t\t\t<div class=\"elementor-element elementor-element-9bc13ea elementor-widget elementor-widget-heading\" data-id=\"9bc13ea\" data-element_type=\"widget\" data-e-type=\"widget\" data-widget_type=\"heading.default\">\n\t\t\t\t<div class=\"elementor-widget-container\">\n\t\t\t\t\t<h2 class=\"elementor-heading-title elementor-size-default\">Kontaktieren Sie uns f\u00fcr ein individuelles Angebot<\/h2>\t\t\t\t<\/div>\n\t\t\t\t<\/div>\n\t\t\t\t<div class=\"elementor-element elementor-element-2a41e4c elementor-widget__width-initial elementor-widget elementor-widget-text-editor\" data-id=\"2a41e4c\" data-element_type=\"widget\" data-e-type=\"widget\" data-widget_type=\"text-editor.default\">\n\t\t\t\t<div class=\"elementor-widget-container\">\n\t\t\t\t\t\t\t\t\t<p class=\"p1\">Wir sind f\u00fcr Sie da! Kontaktieren Sie uns f\u00fcr schnelle Antworten und engagierten Support.  Legen Sie jetzt los!<\/p>\n\t\t\t\t\t\t\t\t<\/div>\n\t\t\t\t<\/div>\n\t\t<div class=\"elementor-element elementor-element-8e187cd e-con-full e-flex e-con e-child\" data-id=\"8e187cd\" data-element_type=\"container\" data-e-type=\"container\" data-settings=\"{&quot;_ha_eqh_enable&quot;:false}\">\n\t\t\t\t<div class=\"elementor-element elementor-element-4e2f922 elementor-widget elementor-widget-heading\" data-id=\"4e2f922\" data-element_type=\"widget\" data-e-type=\"widget\" data-widget_type=\"heading.default\">\n\t\t\t\t<div class=\"elementor-widget-container\">\n\t\t\t\t\t<h2 class=\"elementor-heading-title elementor-size-default\">Astra Trasporti Internazionali SA<\/h2>\t\t\t\t<\/div>\n\t\t\t\t<\/div>\n\t\t\t\t<div class=\"elementor-element elementor-element-00394b8 elementor-icon-list--layout-traditional elementor-list-item-link-full_width elementor-widget elementor-widget-icon-list\" data-id=\"00394b8\" data-element_type=\"widget\" data-e-type=\"widget\" data-widget_type=\"icon-list.default\">\n\t\t\t\t<div class=\"elementor-widget-container\">\n\t\t\t\t\t\t\t<ul class=\"elementor-icon-list-items\">\n\t\t\t\t\t\t\t<li class=\"elementor-icon-list-item\">\n\t\t\t\t\t\t\t\t\t\t\t<a href=\"tel:+410916953030\">\n\n\t\t\t\t\t\t\t\t\t\t\t\t<span class=\"elementor-icon-list-icon\">\n\t\t\t\t\t\t\t<svg aria-hidden=\"true\" class=\"e-font-icon-svg e-fas-map-marker-alt\" viewBox=\"0 0 384 512\" xmlns=\"http:\/\/www.w3.org\/2000\/svg\"><path d=\"M172.268 501.67C26.97 291.031 0 269.413 0 192 0 85.961 85.961 0 192 0s192 85.961 192 192c0 77.413-26.97 99.031-172.268 309.67-9.535 13.774-29.93 13.773-39.464 0zM192 272c44.183 0 80-35.817 80-80s-35.817-80-80-80-80 35.817-80 80 35.817 80 80 80z\"><\/path><\/svg>\t\t\t\t\t\t<\/span>\n\t\t\t\t\t\t\t\t\t\t<span class=\"elementor-icon-list-text\">Via Passeggiata, 24 - 6828 - Balerna (Schweiz)<\/span>\n\t\t\t\t\t\t\t\t\t\t\t<\/a>\n\t\t\t\t\t\t\t\t\t<\/li>\n\t\t\t\t\t\t\t\t<li class=\"elementor-icon-list-item\">\n\t\t\t\t\t\t\t\t\t\t\t<a href=\"tel:+410916953030\">\n\n\t\t\t\t\t\t\t\t\t\t\t\t<span class=\"elementor-icon-list-icon\">\n\t\t\t\t\t\t\t<svg aria-hidden=\"true\" class=\"e-font-icon-svg e-fas-phone-square-alt\" viewBox=\"0 0 448 512\" xmlns=\"http:\/\/www.w3.org\/2000\/svg\"><path d=\"M400 32H48A48 48 0 0 0 0 80v352a48 48 0 0 0 48 48h352a48 48 0 0 0 48-48V80a48 48 0 0 0-48-48zm-16.39 307.37l-15 65A15 15 0 0 1 354 416C194 416 64 286.29 64 126a15.7 15.7 0 0 1 11.63-14.61l65-15A18.23 18.23 0 0 1 144 96a16.27 16.27 0 0 1 13.79 9.09l30 70A17.9 17.9 0 0 1 189 181a17 17 0 0 1-5.5 11.61l-37.89 31a231.91 231.91 0 0 0 110.78 110.78l31-37.89A17 17 0 0 1 299 291a17.85 17.85 0 0 1 5.91 1.21l70 30A16.25 16.25 0 0 1 384 336a17.41 17.41 0 0 1-.39 3.37z\"><\/path><\/svg>\t\t\t\t\t\t<\/span>\n\t\t\t\t\t\t\t\t\t\t<span class=\"elementor-icon-list-text\">+41 (0) 916953030<\/span>\n\t\t\t\t\t\t\t\t\t\t\t<\/a>\n\t\t\t\t\t\t\t\t\t<\/li>\n\t\t\t\t\t\t\t\t<li class=\"elementor-icon-list-item\">\n\t\t\t\t\t\t\t\t\t\t\t<a href=\"tel:00410765582450\">\n\n\t\t\t\t\t\t\t\t\t\t\t\t<span class=\"elementor-icon-list-icon\">\n\t\t\t\t\t\t\t<svg aria-hidden=\"true\" class=\"e-font-icon-svg e-fas-mobile-alt\" viewBox=\"0 0 320 512\" xmlns=\"http:\/\/www.w3.org\/2000\/svg\"><path d=\"M272 0H48C21.5 0 0 21.5 0 48v416c0 26.5 21.5 48 48 48h224c26.5 0 48-21.5 48-48V48c0-26.5-21.5-48-48-48zM160 480c-17.7 0-32-14.3-32-32s14.3-32 32-32 32 14.3 32 32-14.3 32-32 32zm112-108c0 6.6-5.4 12-12 12H60c-6.6 0-12-5.4-12-12V60c0-6.6 5.4-12 12-12h200c6.6 0 12 5.4 12 12v312z\"><\/path><\/svg>\t\t\t\t\t\t<\/span>\n\t\t\t\t\t\t\t\t\t\t<span class=\"elementor-icon-list-text\">+41 (0) 765582450<\/span>\n\t\t\t\t\t\t\t\t\t\t\t<\/a>\n\t\t\t\t\t\t\t\t\t<\/li>\n\t\t\t\t\t\t\t\t<li class=\"elementor-icon-list-item\">\n\t\t\t\t\t\t\t\t\t\t\t<a href=\"mailto:commerciale@astratrasporti.ch\">\n\n\t\t\t\t\t\t\t\t\t\t\t\t<span class=\"elementor-icon-list-icon\">\n\t\t\t\t\t\t\t<svg aria-hidden=\"true\" class=\"e-font-icon-svg e-fas-envelope\" viewBox=\"0 0 512 512\" xmlns=\"http:\/\/www.w3.org\/2000\/svg\"><path d=\"M502.3 190.8c3.9-3.1 9.7-.2 9.7 4.7V400c0 26.5-21.5 48-48 48H48c-26.5 0-48-21.5-48-48V195.6c0-5 5.7-7.8 9.7-4.7 22.4 17.4 52.1 39.5 154.1 113.6 21.1 15.4 56.7 47.8 92.2 47.6 35.7.3 72-32.8 92.3-47.6 102-74.1 131.6-96.3 154-113.7zM256 320c23.2.4 56.6-29.2 73.4-41.4 132.7-96.3 142.8-104.7 173.4-128.7 5.8-4.5 9.2-11.5 9.2-18.9v-19c0-26.5-21.5-48-48-48H48C21.5 64 0 85.5 0 112v19c0 7.4 3.4 14.3 9.2 18.9 30.6 23.9 40.7 32.4 173.4 128.7 16.8 12.2 50.2 41.8 73.4 41.4z\"><\/path><\/svg>\t\t\t\t\t\t<\/span>\n\t\t\t\t\t\t\t\t\t\t<span class=\"elementor-icon-list-text\">commerciale@astratrasporti.ch<\/span>\n\t\t\t\t\t\t\t\t\t\t\t<\/a>\n\t\t\t\t\t\t\t\t\t<\/li>\n\t\t\t\t\t\t<\/ul>\n\t\t\t\t\t\t<\/div>\n\t\t\t\t<\/div>\n\t\t\t\t<\/div>\n\t\t\t\t<\/div>\n\t\t<div class=\"elementor-element elementor-element-a29ac2e e-con-full elementor-hidden-mobile e-flex elementor-invisible e-con e-child\" data-id=\"a29ac2e\" data-element_type=\"container\" data-e-type=\"container\" data-settings=\"{&quot;animation&quot;:&quot;fadeIn&quot;,&quot;_ha_eqh_enable&quot;:false}\">\n\t\t\t\t<div class=\"elementor-element elementor-element-ce5c1f2 elementor-widget elementor-widget-image\" data-id=\"ce5c1f2\" data-element_type=\"widget\" data-e-type=\"widget\" data-widget_type=\"image.default\">\n\t\t\t\t<div class=\"elementor-widget-container\">\n\t\t\t\t\t\t\t\t\t\t\t\t\t\t\t<img loading=\"lazy\" decoding=\"async\" width=\"1000\" height=\"514\" src=\"https:\/\/astratrasporti.ch\/wp-content\/uploads\/2024\/10\/LOGO-ASTRA-SA-WHITE.png\" class=\"attachment-large size-large wp-image-1172\" alt=\"\" srcset=\"https:\/\/astratrasporti.ch\/wp-content\/uploads\/2024\/10\/LOGO-ASTRA-SA-WHITE.png 1000w, https:\/\/astratrasporti.ch\/wp-content\/uploads\/2024\/10\/LOGO-ASTRA-SA-WHITE-300x154.png 300w, https:\/\/astratrasporti.ch\/wp-content\/uploads\/2024\/10\/LOGO-ASTRA-SA-WHITE-768x395.png 768w\" sizes=\"(max-width: 1000px) 100vw, 1000px\" \/>\t\t\t\t\t\t\t\t\t\t\t\t\t\t\t<\/div>\n\t\t\t\t<\/div>\n\t\t\t\t<\/div>\n\t\t\t\t\t<\/div>\n\t\t\t\t<\/div>\n\t\t<div class=\"elementor-element elementor-element-80b1f1d e-con-full e-flex e-con e-child\" data-id=\"80b1f1d\" data-element_type=\"container\" data-e-type=\"container\" data-settings=\"{&quot;background_background&quot;:&quot;classic&quot;,&quot;_ha_eqh_enable&quot;:false}\">\n\t\t\t\t<div class=\"elementor-element elementor-element-4ab7d00 elementor-hidden-mobile elementor-widget elementor-widget-image\" data-id=\"4ab7d00\" data-element_type=\"widget\" data-e-type=\"widget\" data-widget_type=\"image.default\">\n\t\t\t\t<div class=\"elementor-widget-container\">\n\t\t\t\t\t\t\t\t\t\t\t\t\t\t\t<img loading=\"lazy\" decoding=\"async\" width=\"1024\" height=\"127\" src=\"https:\/\/astratrasporti.ch\/wp-content\/uploads\/2024\/10\/shaper-basso-scuro-2-1024x127.webp\" class=\"attachment-large size-large wp-image-1307\" alt=\"\" srcset=\"https:\/\/astratrasporti.ch\/wp-content\/uploads\/2024\/10\/shaper-basso-scuro-2-1024x127.webp 1024w, https:\/\/astratrasporti.ch\/wp-content\/uploads\/2024\/10\/shaper-basso-scuro-2-300x37.webp 300w, https:\/\/astratrasporti.ch\/wp-content\/uploads\/2024\/10\/shaper-basso-scuro-2-768x96.webp 768w, https:\/\/astratrasporti.ch\/wp-content\/uploads\/2024\/10\/shaper-basso-scuro-2-1536x191.webp 1536w, https:\/\/astratrasporti.ch\/wp-content\/uploads\/2024\/10\/shaper-basso-scuro-2.webp 2000w\" sizes=\"(max-width: 1024px) 100vw, 1024px\" \/>\t\t\t\t\t\t\t\t\t\t\t\t\t\t\t<\/div>\n\t\t\t\t<\/div>\n\t\t\t\t<\/div>\n\t\t\t\t<\/div>\n\t\t\t\t<\/div>\n\t\t","protected":false},"excerpt":{"rendered":"<p>Wer wir sind Du entdeckst Astra Trasporti Internazionali SA &#8222;Es gibt keine Entfernungen mehr, aber es braucht Stunden, um sie zu \u00fcberwinden&#8220; Johan Anthierens Stunden, die wir euch seit 1970, als unser Abenteuer begann, zur Verf\u00fcgung stellen. Die Entfernungen, die wir weiterhin zur\u00fccklegen und \u00fcberwinden. Diese Erfahrung und Hingabe erm\u00f6glichen es uns, Ihre Waren \u00fcberall [&hellip;]<\/p>\n","protected":false},"author":1,"featured_media":0,"parent":0,"menu_order":0,"comment_status":"closed","ping_status":"closed","template":"","meta":{"_acf_changed":false,"footnotes":""},"class_list":["post-1666","page","type-page","status-publish","hentry"],"acf":[],"yoast_head":"<!-- This site is optimized with the Yoast SEO plugin v27.0 - https:\/\/yoast.com\/product\/yoast-seo-wordpress\/ -->\n<title>Wer wir sind - Astra Trasporti Internazionali SA<\/title>\n<meta name=\"robots\" content=\"index, follow, max-snippet:-1, max-image-preview:large, max-video-preview:-1\" \/>\n<link rel=\"canonical\" href=\"https:\/\/astratrasporti.ch\/de\/chi-siamo\/\" \/>\n<meta property=\"og:locale\" content=\"de_DE\" \/>\n<meta property=\"og:type\" content=\"article\" \/>\n<meta property=\"og:title\" content=\"Wer wir sind - Astra Trasporti Internazionali SA\" \/>\n<meta property=\"og:description\" content=\"Wer wir sind Du entdeckst Astra Trasporti Internazionali SA &#8222;Es gibt keine Entfernungen mehr, aber es braucht Stunden, um sie zu \u00fcberwinden&#8220; Johan Anthierens Stunden, die wir euch seit 1970, als unser Abenteuer begann, zur Verf\u00fcgung stellen. Die Entfernungen, die wir weiterhin zur\u00fccklegen und \u00fcberwinden. Diese Erfahrung und Hingabe erm\u00f6glichen es uns, Ihre Waren \u00fcberall [&hellip;]\" \/>\n<meta property=\"og:url\" content=\"https:\/\/astratrasporti.ch\/de\/chi-siamo\/\" \/>\n<meta property=\"og:site_name\" content=\"Astra Trasporti Internazionali SA\" \/>\n<meta property=\"article:modified_time\" content=\"2025-01-13T10:56:59+00:00\" \/>\n<meta name=\"twitter:card\" content=\"summary_large_image\" \/>\n<meta name=\"twitter:label1\" content=\"Gesch\u00e4tzte Lesezeit\" \/>\n\t<meta name=\"twitter:data1\" content=\"2\u00a0Minuten\" \/>\n<script type=\"application\/ld+json\" class=\"yoast-schema-graph\">{\"@context\":\"https:\/\/schema.org\",\"@graph\":[{\"@type\":\"WebPage\",\"@id\":\"https:\/\/astratrasporti.ch\/de\/chi-siamo\/\",\"url\":\"https:\/\/astratrasporti.ch\/de\/chi-siamo\/\",\"name\":\"Wer wir sind - Astra Trasporti Internazionali SA\",\"isPartOf\":{\"@id\":\"https:\/\/astratrasporti.ch\/de\/#website\"},\"primaryImageOfPage\":{\"@id\":\"https:\/\/astratrasporti.ch\/de\/chi-siamo\/#primaryimage\"},\"image\":{\"@id\":\"https:\/\/astratrasporti.ch\/de\/chi-siamo\/#primaryimage\"},\"thumbnailUrl\":\"https:\/\/astratrasporti.ch\/wp-content\/uploads\/2024\/10\/triangle-3.svg\",\"datePublished\":\"2024-10-17T09:32:48+00:00\",\"dateModified\":\"2025-01-13T10:56:59+00:00\",\"breadcrumb\":{\"@id\":\"https:\/\/astratrasporti.ch\/de\/chi-siamo\/#breadcrumb\"},\"inLanguage\":\"de\",\"potentialAction\":[{\"@type\":\"ReadAction\",\"target\":[\"https:\/\/astratrasporti.ch\/de\/chi-siamo\/\"]}]},{\"@type\":\"ImageObject\",\"inLanguage\":\"de\",\"@id\":\"https:\/\/astratrasporti.ch\/de\/chi-siamo\/#primaryimage\",\"url\":\"https:\/\/astratrasporti.ch\/wp-content\/uploads\/2024\/10\/triangle-3.svg\",\"contentUrl\":\"https:\/\/astratrasporti.ch\/wp-content\/uploads\/2024\/10\/triangle-3.svg\"},{\"@type\":\"BreadcrumbList\",\"@id\":\"https:\/\/astratrasporti.ch\/de\/chi-siamo\/#breadcrumb\",\"itemListElement\":[{\"@type\":\"ListItem\",\"position\":1,\"name\":\"Home\",\"item\":\"https:\/\/astratrasporti.ch\/de\/home\/\"},{\"@type\":\"ListItem\",\"position\":2,\"name\":\"Wer wir sind\"}]},{\"@type\":\"WebSite\",\"@id\":\"https:\/\/astratrasporti.ch\/de\/#website\",\"url\":\"https:\/\/astratrasporti.ch\/de\/\",\"name\":\"Astra Trasporti Internazionali SA\",\"description\":\"Astra Trasporti Internazionali SA\",\"publisher\":{\"@id\":\"https:\/\/astratrasporti.ch\/de\/#organization\"},\"alternateName\":\"Astra Trasporti Internazionali SA\",\"potentialAction\":[{\"@type\":\"SearchAction\",\"target\":{\"@type\":\"EntryPoint\",\"urlTemplate\":\"https:\/\/astratrasporti.ch\/de\/?s={search_term_string}\"},\"query-input\":{\"@type\":\"PropertyValueSpecification\",\"valueRequired\":true,\"valueName\":\"search_term_string\"}}],\"inLanguage\":\"de\"},{\"@type\":\"Organization\",\"@id\":\"https:\/\/astratrasporti.ch\/de\/#organization\",\"name\":\"Astra Trasporti Internazionali SA\",\"alternateName\":\"Astra Trasporti Internazionali SA\",\"url\":\"https:\/\/astratrasporti.ch\/de\/\",\"logo\":{\"@type\":\"ImageObject\",\"inLanguage\":\"de\",\"@id\":\"https:\/\/astratrasporti.ch\/de\/#\/schema\/logo\/image\/\",\"url\":\"https:\/\/astratrasporti.ch\/wp-content\/uploads\/2024\/10\/LOGO-ASTRA-SA-scuro.webp\",\"contentUrl\":\"https:\/\/astratrasporti.ch\/wp-content\/uploads\/2024\/10\/LOGO-ASTRA-SA-scuro.webp\",\"width\":1000,\"height\":514,\"caption\":\"Astra Trasporti Internazionali SA\"},\"image\":{\"@id\":\"https:\/\/astratrasporti.ch\/de\/#\/schema\/logo\/image\/\"}}]}<\/script>\n<!-- \/ Yoast SEO plugin. -->","yoast_head_json":{"title":"Wer wir sind - Astra Trasporti Internazionali SA","robots":{"index":"index","follow":"follow","max-snippet":"max-snippet:-1","max-image-preview":"max-image-preview:large","max-video-preview":"max-video-preview:-1"},"canonical":"https:\/\/astratrasporti.ch\/de\/chi-siamo\/","og_locale":"de_DE","og_type":"article","og_title":"Wer wir sind - Astra Trasporti Internazionali SA","og_description":"Wer wir sind Du entdeckst Astra Trasporti Internazionali SA &#8222;Es gibt keine Entfernungen mehr, aber es braucht Stunden, um sie zu \u00fcberwinden&#8220; Johan Anthierens Stunden, die wir euch seit 1970, als unser Abenteuer begann, zur Verf\u00fcgung stellen. Die Entfernungen, die wir weiterhin zur\u00fccklegen und \u00fcberwinden. Diese Erfahrung und Hingabe erm\u00f6glichen es uns, Ihre Waren \u00fcberall [&hellip;]","og_url":"https:\/\/astratrasporti.ch\/de\/chi-siamo\/","og_site_name":"Astra Trasporti Internazionali SA","article_modified_time":"2025-01-13T10:56:59+00:00","twitter_card":"summary_large_image","twitter_misc":{"Gesch\u00e4tzte Lesezeit":"2\u00a0Minuten"},"schema":{"@context":"https:\/\/schema.org","@graph":[{"@type":"WebPage","@id":"https:\/\/astratrasporti.ch\/de\/chi-siamo\/","url":"https:\/\/astratrasporti.ch\/de\/chi-siamo\/","name":"Wer wir sind - Astra Trasporti Internazionali SA","isPartOf":{"@id":"https:\/\/astratrasporti.ch\/de\/#website"},"primaryImageOfPage":{"@id":"https:\/\/astratrasporti.ch\/de\/chi-siamo\/#primaryimage"},"image":{"@id":"https:\/\/astratrasporti.ch\/de\/chi-siamo\/#primaryimage"},"thumbnailUrl":"https:\/\/astratrasporti.ch\/wp-content\/uploads\/2024\/10\/triangle-3.svg","datePublished":"2024-10-17T09:32:48+00:00","dateModified":"2025-01-13T10:56:59+00:00","breadcrumb":{"@id":"https:\/\/astratrasporti.ch\/de\/chi-siamo\/#breadcrumb"},"inLanguage":"de","potentialAction":[{"@type":"ReadAction","target":["https:\/\/astratrasporti.ch\/de\/chi-siamo\/"]}]},{"@type":"ImageObject","inLanguage":"de","@id":"https:\/\/astratrasporti.ch\/de\/chi-siamo\/#primaryimage","url":"https:\/\/astratrasporti.ch\/wp-content\/uploads\/2024\/10\/triangle-3.svg","contentUrl":"https:\/\/astratrasporti.ch\/wp-content\/uploads\/2024\/10\/triangle-3.svg"},{"@type":"BreadcrumbList","@id":"https:\/\/astratrasporti.ch\/de\/chi-siamo\/#breadcrumb","itemListElement":[{"@type":"ListItem","position":1,"name":"Home","item":"https:\/\/astratrasporti.ch\/de\/home\/"},{"@type":"ListItem","position":2,"name":"Wer wir sind"}]},{"@type":"WebSite","@id":"https:\/\/astratrasporti.ch\/de\/#website","url":"https:\/\/astratrasporti.ch\/de\/","name":"Astra Trasporti Internazionali SA","description":"Astra Trasporti Internazionali SA","publisher":{"@id":"https:\/\/astratrasporti.ch\/de\/#organization"},"alternateName":"Astra Trasporti Internazionali SA","potentialAction":[{"@type":"SearchAction","target":{"@type":"EntryPoint","urlTemplate":"https:\/\/astratrasporti.ch\/de\/?s={search_term_string}"},"query-input":{"@type":"PropertyValueSpecification","valueRequired":true,"valueName":"search_term_string"}}],"inLanguage":"de"},{"@type":"Organization","@id":"https:\/\/astratrasporti.ch\/de\/#organization","name":"Astra Trasporti Internazionali SA","alternateName":"Astra Trasporti Internazionali SA","url":"https:\/\/astratrasporti.ch\/de\/","logo":{"@type":"ImageObject","inLanguage":"de","@id":"https:\/\/astratrasporti.ch\/de\/#\/schema\/logo\/image\/","url":"https:\/\/astratrasporti.ch\/wp-content\/uploads\/2024\/10\/LOGO-ASTRA-SA-scuro.webp","contentUrl":"https:\/\/astratrasporti.ch\/wp-content\/uploads\/2024\/10\/LOGO-ASTRA-SA-scuro.webp","width":1000,"height":514,"caption":"Astra Trasporti Internazionali SA"},"image":{"@id":"https:\/\/astratrasporti.ch\/de\/#\/schema\/logo\/image\/"}}]}},"_links":{"self":[{"href":"https:\/\/astratrasporti.ch\/de\/wp-json\/wp\/v2\/pages\/1666","targetHints":{"allow":["GET"]}}],"collection":[{"href":"https:\/\/astratrasporti.ch\/de\/wp-json\/wp\/v2\/pages"}],"about":[{"href":"https:\/\/astratrasporti.ch\/de\/wp-json\/wp\/v2\/types\/page"}],"author":[{"embeddable":true,"href":"https:\/\/astratrasporti.ch\/de\/wp-json\/wp\/v2\/users\/1"}],"replies":[{"embeddable":true,"href":"https:\/\/astratrasporti.ch\/de\/wp-json\/wp\/v2\/comments?post=1666"}],"version-history":[{"count":0,"href":"https:\/\/astratrasporti.ch\/de\/wp-json\/wp\/v2\/pages\/1666\/revisions"}],"wp:attachment":[{"href":"https:\/\/astratrasporti.ch\/de\/wp-json\/wp\/v2\/media?parent=1666"}],"curies":[{"name":"wp","href":"https:\/\/api.w.org\/{rel}","templated":true}]}}